{"id":778,"date":"2022-10-01T19:18:36","date_gmt":"2022-10-01T19:18:36","guid":{"rendered":"http:\/\/www.sprach-blog.de\/?page_id=778"},"modified":"2022-10-01T19:26:50","modified_gmt":"2022-10-01T19:26:50","slug":"ueber-mich","status":"publish","type":"page","link":"https:\/\/www.sprach-blog.de\/?page_id=778","title":{"rendered":"\u00dcber mich"},"content":{"rendered":"\n<figure class=\"wp-block-image size-large is-resized\"><a href=\"http:\/\/www.sprach-blog.de\/wp-content\/uploads\/2022\/10\/1664652330751.webp\"><img loading=\"lazy\" decoding=\"async\" src=\"http:\/\/www.sprach-blog.de\/wp-content\/uploads\/2022\/10\/1664652330751-1024x1024.webp\" alt=\"\" class=\"wp-image-781\" width=\"421\" height=\"421\" srcset=\"https:\/\/www.sprach-blog.de\/wp-content\/uploads\/2022\/10\/1664652330751-1024x1024.webp 1024w, https:\/\/www.sprach-blog.de\/wp-content\/uploads\/2022\/10\/1664652330751-300x300.webp 300w, https:\/\/www.sprach-blog.de\/wp-content\/uploads\/2022\/10\/1664652330751-150x150.webp 150w, https:\/\/www.sprach-blog.de\/wp-content\/uploads\/2022\/10\/1664652330751-768x768.webp 768w, https:\/\/www.sprach-blog.de\/wp-content\/uploads\/2022\/10\/1664652330751-800x800.webp 800w, https:\/\/www.sprach-blog.de\/wp-content\/uploads\/2022\/10\/1664652330751.webp 1440w\" sizes=\"auto, (max-width: 421px) 100vw, 421px\" \/><\/a><\/figure>\n\n\n\n<p>Ich besch\u00e4fte mich mit Sprache und blogge hier (in unregelm\u00e4\u00dfigen Abst\u00e4nden) genau \u00fcber dieses Thema. Meine Interessensgebiete sind Syntax, experimentelle Linguistik, Sprache und Kognition, Rechtschreibung und Geb\u00e4rdensprachen. Mehr \u00fcber mich gibt es unter <a rel=\"noreferrer noopener\" href=\"http:\/\/fabianbross.de\" target=\"_blank\">fabianbross.de<\/a>.<\/p>\n","protected":false},"excerpt":{"rendered":"<p>Ich besch\u00e4fte mich mit Sprache und blogge hier (in unregelm\u00e4\u00dfigen Abst\u00e4nden) genau \u00fcber dieses Thema. Meine Interessensgebiete sind Syntax, experimentelle Linguistik, Sprache und Kognition, Rechtschreibung<\/p>\n","protected":false},"author":1,"featured_media":0,"parent":0,"menu_order":0,"comment_status":"closed","ping_status":"closed","template":"","meta":{"footnotes":""},"class_list":["post-778","page","type-page","status-publish","hentry"],"_links":{"self":[{"href":"https:\/\/www.sprach-blog.de\/index.php?rest_route=\/wp\/v2\/pages\/778","targetHints":{"allow":["GET"]}}],"collection":[{"href":"https:\/\/www.sprach-blog.de\/index.php?rest_route=\/wp\/v2\/pages"}],"about":[{"href":"https:\/\/www.sprach-blog.de\/index.php?rest_route=\/wp\/v2\/types\/page"}],"author":[{"embeddable":true,"href":"https:\/\/www.sprach-blog.de\/index.php?rest_route=\/wp\/v2\/users\/1"}],"replies":[{"embeddable":true,"href":"https:\/\/www.sprach-blog.de\/index.php?rest_route=%2Fwp%2Fv2%2Fcomments&post=778"}],"version-history":[{"count":2,"href":"https:\/\/www.sprach-blog.de\/index.php?rest_route=\/wp\/v2\/pages\/778\/revisions"}],"predecessor-version":[{"id":783,"href":"https:\/\/www.sprach-blog.de\/index.php?rest_route=\/wp\/v2\/pages\/778\/revisions\/783"}],"wp:attachment":[{"href":"https:\/\/www.sprach-blog.de\/index.php?rest_route=%2Fwp%2Fv2%2Fmedia&parent=778"}],"curies":[{"name":"wp","href":"https:\/\/api.w.org\/{rel}","templated":true}]}}